{"version":"1.0","provider_name":"Epidermos Institut de dermoest\u00e8tica","provider_url":"https:\/\/epidermos.com\/ca\/","author_name":"Marc Grau","author_url":"https:\/\/epidermos.com\/ca\/author\/marcus\/","title":"Dr. Jos\u00e9 Manuel Mascar\u00f3 Galy - Epidermos Institut de dermoest\u00e8tica","type":"rich","width":600,"height":338,"html":"<blockquote class=\"wp-embedded-content\" data-secret=\"P3mWJSBJzu\"><a href=\"https:\/\/epidermos.com\/ca\/staff\/dr-jose-manuel-mascaro-galy\/\">Dr. Jos\u00e9 Manuel Mascar\u00f3 Galy<\/a><\/blockquote><iframe sandbox=\"allow-scripts\" security=\"restricted\" src=\"https:\/\/epidermos.com\/ca\/staff\/dr-jose-manuel-mascaro-galy\/embed\/#?secret=P3mWJSBJzu\" width=\"600\" height=\"338\" title=\"&#8220;Dr. Jos\u00e9 Manuel Mascar\u00f3 Galy&#8221; &#8212; Epidermos Institut de dermoest\u00e8tica\" data-secret=\"P3mWJSBJzu\" frameborder=\"0\" marginwidth=\"0\" marginheight=\"0\" scrolling=\"no\" class=\"wp-embedded-content\"><\/iframe><script type=\"text\/javascript\">\n\/* <![CDATA[ *\/\n\/*! This file is auto-generated *\/\n!function(d,l){\"use strict\";l.querySelector&&d.addEventListener&&\"undefined\"!=typeof URL&&(d.wp=d.wp||{},d.wp.receiveEmbedMessage||(d.wp.receiveEmbedMessage=function(e){var t=e.data;if((t||t.secret||t.message||t.value)&&!\/[^a-zA-Z0-9]\/.test(t.secret)){for(var s,r,n,a=l.querySelectorAll('iframe[data-secret=\"'+t.secret+'\"]'),o=l.querySelectorAll('blockquote[data-secret=\"'+t.secret+'\"]'),c=new RegExp(\"^https?:$\",\"i\"),i=0;i<o.length;i++)o[i].style.display=\"none\";for(i=0;i<a.length;i++)s=a[i],e.source===s.contentWindow&&(s.removeAttribute(\"style\"),\"height\"===t.message?(1e3<(r=parseInt(t.value,10))?r=1e3:~~r<200&&(r=200),s.height=r):\"link\"===t.message&&(r=new URL(s.getAttribute(\"src\")),n=new URL(t.value),c.test(n.protocol))&&n.host===r.host&&l.activeElement===s&&(d.top.location.href=t.value))}},d.addEventListener(\"message\",d.wp.receiveEmbedMessage,!1),l.addEventListener(\"DOMContentLoaded\",function(){for(var e,t,s=l.querySelectorAll(\"iframe.wp-embedded-content\"),r=0;r<s.length;r++)(t=(e=s[r]).getAttribute(\"data-secret\"))||(t=Math.random().toString(36).substring(2,12),e.src+=\"#?secret=\"+t,e.setAttribute(\"data-secret\",t)),e.contentWindow.postMessage({message:\"ready\",secret:t},\"*\")},!1)))}(window,document);\n\/\/# sourceURL=https:\/\/epidermos.com\/wp-includes\/js\/wp-embed.min.js\n\/* ]]> *\/\n<\/script>\n","thumbnail_url":"https:\/\/epidermos.com\/wp-content\/uploads\/2018\/12\/dr._jose_manuel_mascaro_galy.jpg","thumbnail_width":360,"thumbnail_height":240,"description":"Dermat\u00f2leg. El Doctor Jose Manuel Mascar\u00f3 Galy es actualmente M\u00e9dico Consultor del Departamento de Dermatolog\u00eda del Hospital Cl\u00ednic de Barcelona, as\u00ed como Profesor Titular de Dermatolog\u00eda de la Universitat de Barcelona. Realiz\u00f3 sus estudios de Medicina en la Universitat de &hellip; Llegir m\u00e9s"}